{"id":701,"date":"2021-03-18T14:15:55","date_gmt":"2021-03-18T13:15:55","guid":{"rendered":"https:\/\/focolarte.progettoenergia.ch\/?page_id=701"},"modified":"2024-05-29T09:09:24","modified_gmt":"2024-05-29T07:09:24","slug":"kochlerde","status":"publish","type":"page","link":"https:\/\/focolarte.progettoenergia.ch\/de\/cucina-a-legna\/","title":{"rendered":"Cucina a legna"},"content":{"rendered":"<p>[et_pb_section fb_built=&#8221;1&#8243; _builder_version=&#8221;4.16&#8243; _module_preset=&#8221;default&#8221; use_background_color_gradient=&#8221;on&#8221; background_color_gradient_stops=&#8221;rgba(0,0,0,0.3) 0%|rgba(0,0,0,0.3) 100%&#8221; background_color_gradient_overlays_image=&#8221;on&#8221; background_color_gradient_start=&#8221;rgba(0,0,0,0.3)&#8221; background_color_gradient_end=&#8221;rgba(0,0,0,0.3)&#8221; background_image=&#8221;https:\/\/focolarte.progettoenergia.ch\/wp-content\/uploads\/2021\/02\/cucine-a-legna-main.jpg&#8221; min_height=&#8221;800px&#8221; global_colors_info=&#8221;{}&#8221;][et_pb_row _builder_version=&#8221;4.16&#8243; _module_preset=&#8221;default&#8221; background_color=&#8221;rgba(0,0,0,0.61)&#8221; custom_margin=&#8221;117px|auto||auto||&#8221; global_colors_info=&#8221;{}&#8221;][et_pb_column type=&#8221;4_4&#8243; _builder_version=&#8221;4.16&#8243; _module_preset=&#8221;default&#8221; global_colors_info=&#8221;{}&#8221;][et_pb_text _builder_version=&#8221;4.16&#8243; _module_preset=&#8221;default&#8221; custom_margin=&#8221;-3px||54px|||&#8221; custom_padding=&#8221;89px|||||&#8221; global_colors_info=&#8221;{}&#8221;]<\/p>\n<h1 class=\"p1\" style=\"text-align: center;\"><span color=\"#ffffff\" style=\"color: #ffffff;\">Cucine a legna<\/span><\/h1>\n<p>[\/et_pb_text][\/et_pb_column][\/et_pb_row][\/et_pb_section][et_pb_section fb_built=&#8221;1&#8243; _builder_version=&#8221;4.16&#8243; _module_preset=&#8221;default&#8221; background_color=&#8221;#595957&#8243; custom_margin=&#8221;0px||||false|false&#8221; global_colors_info=&#8221;{}&#8221;][et_pb_row _builder_version=&#8221;4.16&#8243; _module_preset=&#8221;default&#8221; background_color=&#8221;#ffffff&#8221; width=&#8221;90%&#8221; custom_margin=&#8221;-125px||||false|false&#8221; custom_padding=&#8221;||||false|false&#8221; global_colors_info=&#8221;{}&#8221;][et_pb_column type=&#8221;4_4&#8243; _builder_version=&#8221;4.16&#8243; _module_preset=&#8221;default&#8221; global_colors_info=&#8221;{}&#8221;][et_pb_text _builder_version=&#8221;4.25.1&#8243; _module_preset=&#8221;default&#8221; custom_padding=&#8221;20px|0px|20px|34px|false|false&#8221; global_colors_info=&#8221;{}&#8221;]<\/p>\n<p class=\"p1\"><strong><span class=\"s1\" style=\"color: #333333;\">\u00a0DEMANICOR &#8211; NEL CUORE DEL TRENTINO DAL 1828<\/span><\/strong><\/p>\n<p class=\"p2\"><span style=\"color: #333333;\">\u201cQuella cucina, caratterizzata da una solidit\u00e0 e da un&#8217;efficienza superiori, entr\u00f2 subito nelle case di molti italiani: il nostro obbiettivo, fin da subito, fu scaldare non solo le case ma anche il cuore delle persone. Mossi da questa passione e forti di un prodotto dalle qualit\u00e0 uniche, abbiamo percorso un lungo cammino di sviluppo imprenditoriale. Quell&#8217;operosa officina da cui tutto \u00e8 iniziato si \u00e8 trasformata progressivamente in un grande stabilimento.\u201d<\/span><\/p>\n<p class=\"p4\"><span style=\"color: #333333;\">Questa \u00e8 DEMANICOR, l\u2019azienda produttrice delle omonime cucine a legna, oggi diventata una importante realt\u00e0 industriale. Una cucina a legna non \u00e8 pi\u00f9 un elemento da mettere in qualche cascina in montagna, ma un vero apparecchio che per design e tecnica viene sempre pi\u00f9 utilizzato come complemento nelle nuove combinazioni da cucina.<\/span><\/p>\n<p class=\"p4\"><span style=\"color: #333333;\"><\/span><\/p>\n<p>&nbsp;<\/p>\n<p class=\"p4\"><strong><span style=\"color: #333300;\">ESSE, PI\u00d9 DI 160 ANNI DI INGEGNERIA E INNOVAZIONE<\/span><\/strong><\/p>\n<p><span style=\"color: #333300;\">In Gran Bretagna dal 1854, ESSE continua ad essere un pioniere nel design e nella innovazione.<\/span><\/p>\n<p><span style=\"color: #333333;\">Le cucine Ironheart, meravigliosamente realizzate artigianalmente, sono la scelta degli chef e dei padroni di casa rinomati per i loro pasti sontuosi e ricevimenti da tutto il mondo.<\/span><\/p>\n<p><span style=\"color: #333333;\">Fate una perfetta cottura sulle piastre in ghisa con superficie a temperatura graduata, con il calore concentrato sempre al centro, sopra la camera di combustione.<\/span><\/p>\n<p><span style=\"color: #333333;\">Oppure, godetevi i sapori eccezionali dei cibi cotti sulla griglia nella camera di combustione.<\/span><\/p>\n<p><span style=\"color: #333333;\">Infine potete cucinare comodamente nel forno dalla temperatura regolabile.<\/span><\/p>\n<p><span style=\"color: #333333;\">Le cucine a legna Ironheart, sono un cult della tradizione contadina britannica.<\/span><\/p>\n<p>[\/et_pb_text][\/et_pb_column][\/et_pb_row][et_pb_row column_structure=&#8221;1_4,1_4,1_4,1_4&#8243; use_custom_gutter=&#8221;on&#8221; gutter_width=&#8221;2&#8243; _builder_version=&#8221;4.16&#8243; _module_preset=&#8221;default&#8221; width=&#8221;90%&#8221; module_alignment=&#8221;center&#8221; custom_padding=&#8221;||3px|||&#8221; global_colors_info=&#8221;{}&#8221;][et_pb_column type=&#8221;1_4&#8243; _builder_version=&#8221;4.16&#8243; _module_preset=&#8221;default&#8221; global_colors_info=&#8221;{}&#8221;][et_pb_text _builder_version=&#8221;4.25.1&#8243; _module_preset=&#8221;default&#8221; text_font_size=&#8221;12px&#8221; background_image=&#8221;https:\/\/focolarte.progettoenergia.ch\/wp-content\/uploads\/2021\/04\/DeManicor-cucina-economica1.jpg&#8221; background_layout=&#8221;dark&#8221; width=&#8221;250px&#8221; height=&#8221;166px&#8221; link_option_url=&#8221;https:\/\/cucinealegna.demanincor.com\/it\/&#8221; link_option_url_new_window=&#8221;on&#8221; global_colors_info=&#8221;{}&#8221; content__hover_enabled=&#8221;on|hover&#8221; content__hover=&#8221;<\/p>\n<\/p>\n<p><img src=%22https:\/\/focolarte.progettoenergia.ch\/wp-content\/uploads\/2021\/05\/logo_black.png%22 width=%22195%22 height=%2228%22 alt=%22%22 class=%22wp-image-877 alignnone size-full%22 style=%22display: block; margin-left: auto; margin-right: auto;%22 \/><\/p>\n<p style=%22text-align: center;%22><a href=%22https:\/\/cucinealegna.demanincor.com\/it\/%22 data-et-target-link=%22_blank%22 rel=%22noopener noreferrer%22><span style=%22color: #000000;%22><span color=%22#ffffff%22 style=%22color: #ffffff;%22>www.demanicor.com<\/span><\/span><\/a><\/p>\n<p>&#8221; background__hover_enabled=&#8221;on|hover&#8221; background_color_gradient_end__hover=&#8221;rgba(0,0,0,0.56)&#8221; use_background_color_gradient__hover=&#8221;on&#8221; background_color_gradient_start__hover=&#8221;rgba(0,0,0,0.56)&#8221; background_color_gradient_overlays_image__hover=&#8221;on&#8221; background_color_gradient_stops__hover=&#8221;rgba(0,0,0,0.56) 0%|rgba(0,0,0,0.56) 100%&#8221;][\/et_pb_text][\/et_pb_column][et_pb_column type=&#8221;1_4&#8243; _builder_version=&#8221;4.16&#8243; _module_preset=&#8221;default&#8221; global_colors_info=&#8221;{}&#8221;][et_pb_text _builder_version=&#8221;4.25.1&#8243; _module_preset=&#8221;default&#8221; text_font_size=&#8221;12px&#8221; background_image=&#8221;https:\/\/focolarte.progettoenergia.ch\/wp-content\/uploads\/2024\/05\/esse_cucine_a_legna_ticino.jpg&#8221; background_layout=&#8221;dark&#8221; width=&#8221;250px&#8221; height=&#8221;166px&#8221; link_option_url=&#8221;https:\/\/www.esse.com\/wood-fired-cook-stoves\/&#8221; link_option_url_new_window=&#8221;on&#8221; global_colors_info=&#8221;{}&#8221; content__hover_enabled=&#8221;on|hover&#8221; content__hover=&#8221;<\/p>\n<p><img src=%22https:\/\/focolarte.progettoenergia.ch\/\/wp-content\/uploads\/2024\/05\/esse-logo.png%22 width=%22195%22 height=%2281%22 alt=%22%22 class=%22wp-image-877 alignnone size-full%22 style=%22display: block; margin-left: auto; margin-right: auto;%22 \/><\/p>\n<p style=%22text-align: center;%22><a href=%22https:\/\/www.esse.com\/wood-fired-cook-stoves\/%22 data-et-target-link=%22_blank%22 rel=%22noopener noreferrer%22><span style=%22color: #000000;%22><span color=%22#ffffff%22 style=%22color: #ffffff;%22>www.esse.com<\/span><\/span><\/a><\/p>\n<p>&#8221; background__hover_enabled=&#8221;on|hover&#8221; background_color_gradient_end__hover=&#8221;rgba(0,0,0,0.56)&#8221; use_background_color_gradient__hover=&#8221;on&#8221; background_color_gradient_start__hover=&#8221;rgba(0,0,0,0.56)&#8221; background_color_gradient_overlays_image__hover=&#8221;on&#8221; background_color_gradient_stops__hover=&#8221;rgba(0,0,0,0.56) 0%|rgba(0,0,0,0.56) 100%&#8221;][\/et_pb_text][\/et_pb_column][et_pb_column type=&#8221;1_4&#8243; _builder_version=&#8221;4.16&#8243; _module_preset=&#8221;default&#8221; global_colors_info=&#8221;{}&#8221;][\/et_pb_column][et_pb_column type=&#8221;1_4&#8243; _builder_version=&#8221;4.16&#8243; _module_preset=&#8221;default&#8221; global_colors_info=&#8221;{}&#8221;][\/et_pb_column][\/et_pb_row][\/et_pb_section]<\/p>\n","protected":false},"excerpt":{"rendered":"<p>Cucine a legna\u00a0DEMANICOR &#8211; NEL CUORE DEL TRENTINO DAL 1828 \u201cQuella cucina, caratterizzata da una solidit\u00e0 e da un&#8217;efficienza superiori, entr\u00f2 subito nelle case di molti italiani: il nostro obbiettivo, fin da subito, fu scaldare non solo le case ma anche il cuore delle persone. Mossi da questa passione e forti di un prodotto dalle [&hellip;]<\/p>\n","protected":false},"author":1,"featured_media":0,"parent":0,"menu_order":0,"comment_status":"closed","ping_status":"closed","template":"","meta":{"_et_pb_use_builder":"on","_et_pb_old_content":"","_et_gb_content_width":"","footnotes":""},"class_list":["post-701","page","type-page","status-publish","hentry"],"yoast_head":"<!-- This site is optimized with the Yoast SEO plugin v27.1.1 - https:\/\/yoast.com\/product\/yoast-seo-wordpress\/ -->\n<title>Cucina a legna - Focolarte | Camini e stufe tra tradizione e tecnologia | Grancia | Ticino<\/title>\n<meta name=\"robots\" content=\"index, follow, max-snippet:-1, max-image-preview:large, max-video-preview:-1\" \/>\n<link rel=\"canonical\" href=\"https:\/\/focolarte.progettoenergia.ch\/de\/kochlerde\/\" \/>\n<meta property=\"og:locale\" content=\"de_DE\" \/>\n<meta property=\"og:type\" content=\"article\" \/>\n<meta property=\"og:title\" content=\"Cucina a legna - Focolarte | Camini e stufe tra tradizione e tecnologia | Grancia | Ticino\" \/>\n<meta property=\"og:description\" content=\"Cucine a legna\u00a0DEMANICOR - NEL CUORE DEL TRENTINO DAL 1828 \u201cQuella cucina, caratterizzata da una solidit\u00e0 e da un&#039;efficienza superiori, entr\u00f2 subito nelle case di molti italiani: il nostro obbiettivo, fin da subito, fu scaldare non solo le case ma anche il cuore delle persone. Mossi da questa passione e forti di un prodotto dalle [&hellip;]\" \/>\n<meta property=\"og:url\" content=\"https:\/\/focolarte.progettoenergia.ch\/de\/kochlerde\/\" \/>\n<meta property=\"og:site_name\" content=\"Focolarte | Camini e stufe tra tradizione e tecnologia | Grancia | Ticino\" \/>\n<meta property=\"article:modified_time\" content=\"2024-05-29T07:09:24+00:00\" \/>\n<meta name=\"twitter:card\" content=\"summary_large_image\" \/>\n<meta name=\"twitter:label1\" content=\"Gesch\u00e4tzte Lesezeit\" \/>\n\t<meta name=\"twitter:data1\" content=\"4\u00a0Minuten\" \/>\n<script type=\"application\/ld+json\" class=\"yoast-schema-graph\">{\"@context\":\"https:\/\/schema.org\",\"@graph\":[{\"@type\":\"WebPage\",\"@id\":\"https:\/\/focolarte.progettoenergia.ch\/cucina-a-legna\/\",\"url\":\"https:\/\/focolarte.progettoenergia.ch\/cucina-a-legna\/\",\"name\":\"Cucina a legna - Focolarte | Camini e stufe tra tradizione e tecnologia | Grancia | Ticino\",\"isPartOf\":{\"@id\":\"https:\/\/focolarte.progettoenergia.ch\/#website\"},\"datePublished\":\"2021-03-18T13:15:55+00:00\",\"dateModified\":\"2024-05-29T07:09:24+00:00\",\"breadcrumb\":{\"@id\":\"https:\/\/focolarte.progettoenergia.ch\/cucina-a-legna\/#breadcrumb\"},\"inLanguage\":\"de\",\"potentialAction\":[{\"@type\":\"ReadAction\",\"target\":[\"https:\/\/focolarte.progettoenergia.ch\/cucina-a-legna\/\"]}]},{\"@type\":\"BreadcrumbList\",\"@id\":\"https:\/\/focolarte.progettoenergia.ch\/cucina-a-legna\/#breadcrumb\",\"itemListElement\":[{\"@type\":\"ListItem\",\"position\":1,\"name\":\"Home\",\"item\":\"https:\/\/focolarte.progettoenergia.ch\/\"},{\"@type\":\"ListItem\",\"position\":2,\"name\":\"Cucina a legna\"}]},{\"@type\":\"WebSite\",\"@id\":\"https:\/\/focolarte.progettoenergia.ch\/#website\",\"url\":\"https:\/\/focolarte.progettoenergia.ch\/\",\"name\":\"Focolarte | Camini e stufe tra tradizione e tecnologia | Grancia | Ticino\",\"description\":\"\",\"potentialAction\":[{\"@type\":\"SearchAction\",\"target\":{\"@type\":\"EntryPoint\",\"urlTemplate\":\"https:\/\/focolarte.progettoenergia.ch\/?s={search_term_string}\"},\"query-input\":{\"@type\":\"PropertyValueSpecification\",\"valueRequired\":true,\"valueName\":\"search_term_string\"}}],\"inLanguage\":\"de\"}]}<\/script>\n<!-- \/ Yoast SEO plugin. -->","yoast_head_json":{"title":"Kochlerde - Focolarte | Kamine und \u00d6fen zwischen Tradition und Technik | Grancia | Tessin","robots":{"index":"index","follow":"follow","max-snippet":"max-snippet:-1","max-image-preview":"max-image-preview:large","max-video-preview":"max-video-preview:-1"},"canonical":"https:\/\/focolarte.progettoenergia.ch\/de\/kochlerde\/","og_locale":"de_DE","og_type":"article","og_title":"Cucina a legna - Focolarte | Camini e stufe tra tradizione e tecnologia | Grancia | Ticino","og_description":"Cucine a legna\u00a0DEMANICOR - NEL CUORE DEL TRENTINO DAL 1828 \u201cQuella cucina, caratterizzata da una solidit\u00e0 e da un'efficienza superiori, entr\u00f2 subito nelle case di molti italiani: il nostro obbiettivo, fin da subito, fu scaldare non solo le case ma anche il cuore delle persone. Mossi da questa passione e forti di un prodotto dalle [&hellip;]","og_url":"https:\/\/focolarte.progettoenergia.ch\/de\/kochlerde\/","og_site_name":"Focolarte | Camini e stufe tra tradizione e tecnologia | Grancia | Ticino","article_modified_time":"2024-05-29T07:09:24+00:00","twitter_card":"summary_large_image","twitter_misc":{"Gesch\u00e4tzte Lesezeit":"4\u00a0Minuten"},"schema":{"@context":"https:\/\/schema.org","@graph":[{"@type":"WebPage","@id":"https:\/\/focolarte.progettoenergia.ch\/cucina-a-legna\/","url":"https:\/\/focolarte.progettoenergia.ch\/cucina-a-legna\/","name":"Kochlerde - Focolarte | Kamine und \u00d6fen zwischen Tradition und Technik | Grancia | Tessin","isPartOf":{"@id":"https:\/\/focolarte.progettoenergia.ch\/#website"},"datePublished":"2021-03-18T13:15:55+00:00","dateModified":"2024-05-29T07:09:24+00:00","breadcrumb":{"@id":"https:\/\/focolarte.progettoenergia.ch\/cucina-a-legna\/#breadcrumb"},"inLanguage":"de","potentialAction":[{"@type":"ReadAction","target":["https:\/\/focolarte.progettoenergia.ch\/cucina-a-legna\/"]}]},{"@type":"BreadcrumbList","@id":"https:\/\/focolarte.progettoenergia.ch\/cucina-a-legna\/#breadcrumb","itemListElement":[{"@type":"ListItem","position":1,"name":"Home","item":"https:\/\/focolarte.progettoenergia.ch\/"},{"@type":"ListItem","position":2,"name":"Cucina a legna"}]},{"@type":"WebSite","@id":"https:\/\/focolarte.progettoenergia.ch\/#website","url":"https:\/\/focolarte.progettoenergia.ch\/","name":"Focolarte | Kamine und \u00d6fen zwischen Tradition und Technik | Grancia | Tessin","description":"","potentialAction":[{"@type":"SearchAction","target":{"@type":"EntryPoint","urlTemplate":"https:\/\/focolarte.progettoenergia.ch\/?s={search_term_string}"},"query-input":{"@type":"PropertyValueSpecification","valueRequired":true,"valueName":"search_term_string"}}],"inLanguage":"de"}]}},"_links":{"self":[{"href":"https:\/\/focolarte.progettoenergia.ch\/de\/wp-json\/wp\/v2\/pages\/701","targetHints":{"allow":["GET"]}}],"collection":[{"href":"https:\/\/focolarte.progettoenergia.ch\/de\/wp-json\/wp\/v2\/pages"}],"about":[{"href":"https:\/\/focolarte.progettoenergia.ch\/de\/wp-json\/wp\/v2\/types\/page"}],"author":[{"embeddable":true,"href":"https:\/\/focolarte.progettoenergia.ch\/de\/wp-json\/wp\/v2\/users\/1"}],"replies":[{"embeddable":true,"href":"https:\/\/focolarte.progettoenergia.ch\/de\/wp-json\/wp\/v2\/comments?post=701"}],"version-history":[{"count":22,"href":"https:\/\/focolarte.progettoenergia.ch\/de\/wp-json\/wp\/v2\/pages\/701\/revisions"}],"predecessor-version":[{"id":987495849,"href":"https:\/\/focolarte.progettoenergia.ch\/de\/wp-json\/wp\/v2\/pages\/701\/revisions\/987495849"}],"wp:attachment":[{"href":"https:\/\/focolarte.progettoenergia.ch\/de\/wp-json\/wp\/v2\/media?parent=701"}],"curies":[{"name":"wp","href":"https:\/\/api.w.org\/{rel}","templated":true}]}}