{"id":368455,"date":"2023-03-13T10:10:19","date_gmt":"2023-03-13T09:10:19","guid":{"rendered":"https:\/\/focolarte.progettoenergia.ch\/?page_id=368455"},"modified":"2023-03-13T10:21:51","modified_gmt":"2023-03-13T09:21:51","slug":"kamine-und-hybride-holz-und-pelletoefen","status":"publish","type":"page","link":"https:\/\/focolarte.progettoenergia.ch\/de\/stufe-ibride\/","title":{"rendered":"Stufe ibride"},"content":{"rendered":"<p>[et_pb_section fb_built=&#8221;1&#8243; _builder_version=&#8221;4.20.2&#8243; _module_preset=&#8221;default&#8221; use_background_color_gradient=&#8221;on&#8221; background_color_gradient_stops=&#8221;rgba(0,0,0,0.3) 0%|rgba(0,0,0,0.3) 100%&#8221; background_color_gradient_overlays_image=&#8221;on&#8221; background_color_gradient_start=&#8221;rgba(0,0,0,0.3)&#8221; background_color_gradient_end=&#8221;rgba(0,0,0,0.3)&#8221; background_image=&#8221;https:\/\/focolarte.progettoenergia.ch\/wp-content\/uploads\/2020\/12\/pellet.jpg&#8221; min_height=&#8221;800px&#8221; hover_enabled=&#8221;0&#8243; global_colors_info=&#8221;{}&#8221; theme_builder_area=&#8221;post_content&#8221; title_text=&#8221;pellet&#8221; sticky_enabled=&#8221;0&#8243;][et_pb_row _builder_version=&#8221;4.16&#8243; _module_preset=&#8221;default&#8221; background_color=&#8221;rgba(0,0,0,0.61)&#8221; custom_margin=&#8221;117px|auto||auto||&#8221; global_colors_info=&#8221;{}&#8221; theme_builder_area=&#8221;post_content&#8221;][et_pb_column type=&#8221;4_4&#8243; _builder_version=&#8221;4.16&#8243; _module_preset=&#8221;default&#8221; global_colors_info=&#8221;{}&#8221; theme_builder_area=&#8221;post_content&#8221;][et_pb_text _builder_version=&#8221;4.19.5&#8243; _module_preset=&#8221;default&#8221; custom_margin=&#8221;-3px||54px|||&#8221; custom_padding=&#8221;89px|||||&#8221; global_colors_info=&#8221;{}&#8221; theme_builder_area=&#8221;post_content&#8221;]<\/p>\n<h1 class=\"p1\" style=\"text-align: center;\"><span color=\"#ffffff\" style=\"color: #ffffff;\">Stufe ibride legna e pellet<br \/><\/span><\/h1>\n<p>[\/et_pb_text][\/et_pb_column][\/et_pb_row][\/et_pb_section][et_pb_section fb_built=&#8221;1&#8243; _builder_version=&#8221;4.16&#8243; _module_preset=&#8221;default&#8221; background_color=&#8221;#595957&#8243; custom_margin=&#8221;0px||||false|false&#8221; global_colors_info=&#8221;{}&#8221; theme_builder_area=&#8221;post_content&#8221;][et_pb_row _builder_version=&#8221;4.16&#8243; _module_preset=&#8221;default&#8221; background_color=&#8221;#ffffff&#8221; width=&#8221;90%&#8221; custom_margin=&#8221;-125px||||false|false&#8221; custom_padding=&#8221;||||false|false&#8221; global_colors_info=&#8221;{}&#8221; theme_builder_area=&#8221;post_content&#8221;][et_pb_column type=&#8221;4_4&#8243; _builder_version=&#8221;4.16&#8243; _module_preset=&#8221;default&#8221; global_colors_info=&#8221;{}&#8221; theme_builder_area=&#8221;post_content&#8221;][et_pb_text _builder_version=&#8221;4.20.2&#8243; _module_preset=&#8221;default&#8221; text_text_color=&#8221;#333333&#8243; custom_padding=&#8221;20px|0px|20px|34px|false|false&#8221; hover_enabled=&#8221;0&#8243; global_colors_info=&#8221;{}&#8221; theme_builder_area=&#8221;post_content&#8221; sticky_enabled=&#8221;0&#8243;]<\/p>\n<p>Una stufa combinata (ibrida ) \u00e8 la scelta migliore se non vuoi vincolarti a un solo combustibile o rinunciare alle comodit\u00e0 di una specifica modalit\u00e0 di funzionamento.<\/p>\n<p>Le stufe Combinata possono essere usate a scelta con pellet o legna, con o senza elettricit\u00e0, manualmente o in modo completamente automatico.<\/p>\n<p>Un fuoco a legna tradizionale e classico con la sua atmosfera molto particolare, lo scoppiettio e il crepitio della legna uniti a tutte le comodit\u00e0 d&#8217;uso del funzionamento a pellet: questo \u00e8 ci\u00f2 che contraddistingue la stufa combinata.<span><\/span><\/p>\n<p>[\/et_pb_text][\/et_pb_column][\/et_pb_row][et_pb_row column_structure=&#8221;1_4,1_4,1_4,1_4&#8243; use_custom_gutter=&#8221;on&#8221; gutter_width=&#8221;2&#8243; disabled_on=&#8221;off|off|off&#8221; _builder_version=&#8221;4.20.2&#8243; _module_preset=&#8221;default&#8221; width=&#8221;90%&#8221; module_alignment=&#8221;center&#8221; custom_padding=&#8221;||3px|||&#8221; global_colors_info=&#8221;{}&#8221; theme_builder_area=&#8221;post_content&#8221;][et_pb_column type=&#8221;1_4&#8243; _builder_version=&#8221;4.16&#8243; _module_preset=&#8221;default&#8221; global_colors_info=&#8221;{}&#8221; theme_builder_area=&#8221;post_content&#8221;][et_pb_text _builder_version=&#8221;4.20.2&#8243; _module_preset=&#8221;default&#8221; text_font_size=&#8221;12px&#8221; link_font=&#8221;||||on||||&#8221; link_text_color=&#8221;#FFFFFF&#8221; background_image=&#8221;https:\/\/focolarte.progettoenergia.ch\/wp-content\/uploads\/2023\/03\/focolarte_stufe_ibride_rika.jpg&#8221; width=&#8221;250px&#8221; height=&#8221;166px&#8221; link_option_url=&#8221;https:\/\/www.rika.ch\/it\/stoves\/combi &#8221; link_option_url_new_window=&#8221;on&#8221; hover_enabled=&#8221;0&#8243; global_colors_info=&#8221;{}&#8221; content__hover_enabled=&#8221;on|hover&#8221; content__hover=&#8221;<\/p>\n<p style=%22text-align: center;%22>\n<p style=%22text-align: center;%22>\n<p style=%22text-align: center;%22>\n<p style=%22text-align: center;%22><img src=%22https:\/\/focolarte.progettoenergia.ch\/wp-content\/uploads\/2023\/03\/logo_rika_64-300x62.png%22 alt=%22%22 class=%22wp-image-368467 alignnone size-medium%22 width=%22183%22 height=%2238%22 \/><\/p>\n<p style=%22text-align: center;%22><a href=%22https:\/\/www.rika.ch\/it\/stoves\/combi%20%22 data-et-target-link=%22_blank%22 rel=%22noopener%22>https:\/\/www.rika.ch\/it\/stoves\/combi<\/a><\/p>\n<p>&#8221; background__hover_enabled=&#8221;on|hover&#8221; background_color_gradient_end__hover=&#8221;rgba(0,0,0,0.56)&#8221; use_background_color_gradient__hover=&#8221;on&#8221; background_color_gradient_start__hover=&#8221;rgba(0,0,0,0.56)&#8221; background_color_gradient_overlays_image__hover=&#8221;on&#8221; background_color_gradient_stops__hover=&#8221;rgba(0,0,0,0.56) 0%|rgba(0,0,0,0.56) 100%&#8221; theme_builder_area=&#8221;post_content&#8221; title_text=&#8221;focolarte_stufe_ibride_rika&#8221; sticky_enabled=&#8221;0&#8243;][\/et_pb_text][\/et_pb_column][et_pb_column type=&#8221;1_4&#8243; _builder_version=&#8221;4.16&#8243; _module_preset=&#8221;default&#8221; global_colors_info=&#8221;{}&#8221; theme_builder_area=&#8221;post_content&#8221;][et_pb_text _builder_version=&#8221;4.20.2&#8243; _module_preset=&#8221;default&#8221; text_font_size=&#8221;12px&#8221; link_font=&#8221;||||on||||&#8221; link_text_color=&#8221;#FFFFFF&#8221; background_image=&#8221;https:\/\/focolarte.progettoenergia.ch\/wp-content\/uploads\/2023\/03\/focolarte_stufe_ibride_ticino_piazzetta.jpg&#8221; width=&#8221;250px&#8221; height=&#8221;166px&#8221; link_option_url=&#8221;https:\/\/www.piazzetta.com\/it\/stufe-ibride&#8221; link_option_url_new_window=&#8221;on&#8221; hover_enabled=&#8221;0&#8243; global_colors_info=&#8221;{}&#8221; content__hover_enabled=&#8221;on|hover&#8221; content__hover=&#8221;<\/p>\n<p style=%22text-align: center;%22>\n<p style=%22text-align: center;%22>\n<p style=%22text-align: center;%22>\n<p style=%22text-align: center;%22><img src=%22https:\/\/focolarte.progettoenergia.ch\/wp-content\/uploads\/2023\/03\/logo_piazzetta_64-300x61.png%22 alt=%22%22 class=%22wp-image-368466 alignnone size-medium%22 width=%22172%22 height=%2235%22 \/><\/p>\n<p style=%22text-align: center;%22><a href=%22https:\/\/www.piazzetta.com\/it\/stufe-ibride%22 data-et-target-link=%22_blank%22 rel=%22noopener%22>https:\/\/www.piazzetta.com\/it\/stufe-ibride<\/a><\/p>\n<p>&#8221; background__hover_enabled=&#8221;on|hover&#8221; background_color_gradient_end__hover=&#8221;rgba(0,0,0,0.56)&#8221; use_background_color_gradient__hover=&#8221;on&#8221; background_color_gradient_start__hover=&#8221;rgba(0,0,0,0.56)&#8221; background_color_gradient_overlays_image__hover=&#8221;on&#8221; background_color_gradient_stops__hover=&#8221;rgba(0,0,0,0.56) 0%|rgba(0,0,0,0.56) 100%&#8221; theme_builder_area=&#8221;post_content&#8221; title_text=&#8221;focolarte_stufe_ibride_ticino_piazzetta&#8221; sticky_enabled=&#8221;0&#8243;][\/et_pb_text][\/et_pb_column][et_pb_column type=&#8221;1_4&#8243; _builder_version=&#8221;4.16&#8243; _module_preset=&#8221;default&#8221; global_colors_info=&#8221;{}&#8221; theme_builder_area=&#8221;post_content&#8221;][et_pb_text _builder_version=&#8221;4.20.2&#8243; _module_preset=&#8221;default&#8221; text_font_size=&#8221;12px&#8221; link_font=&#8221;||||on||||&#8221; link_text_color=&#8221;#FFFFFF&#8221; background_image=&#8221;https:\/\/focolarte.progettoenergia.ch\/wp-content\/uploads\/2023\/03\/focolarte_stufe_ibride_ticino_jolly_mac.jpg&#8221; width=&#8221;250px&#8221; height=&#8221;166px&#8221; link_option_url=&#8221;https:\/\/jolly-mec.it\/it\/stufe-e-termostufe\/combinati-legna-e-pellet&#8221; link_option_url_new_window=&#8221;on&#8221; hover_enabled=&#8221;0&#8243; global_colors_info=&#8221;{}&#8221; content__hover_enabled=&#8221;on|hover&#8221; content__hover=&#8221;<\/p>\n<p style=%22text-align: center;%22>\n<p style=%22text-align: center;%22>\n<p style=%22text-align: center;%22>\n<p style=%22text-align: center;%22><img src=%22https:\/\/focolarte.progettoenergia.ch\/wp-content\/uploads\/2023\/03\/logo_jolly_mec_64-300x58.png%22 alt=%22%22 class=%22wp-image-368447 alignnone size-medium%22 width=%22207%22 height=%2240%22 \/><\/p>\n<p style=%22text-align: center;%22><a href=%22https:\/\/jolly-mec.it\/it\/stufe-e-termostufe\/combinati-legna-e-pellet%22 data-et-target-link=%22_blank%22 rel=%22noopener%22>https:\/\/jolly-mec.it\/it\/stufe-e-termostufe<\/a><\/p>\n<p>&#8221; background__hover_enabled=&#8221;on|hover&#8221; background_color_gradient_end__hover=&#8221;rgba(0,0,0,0.56)&#8221; use_background_color_gradient__hover=&#8221;on&#8221; background_color_gradient_start__hover=&#8221;rgba(0,0,0,0.56)&#8221; background_color_gradient_overlays_image__hover=&#8221;on&#8221; background_color_gradient_stops__hover=&#8221;rgba(0,0,0,0.56) 0%|rgba(0,0,0,0.56) 100%&#8221; theme_builder_area=&#8221;post_content&#8221; title_text=&#8221;focolarte_stufe_ibride_ticino_jolly_mac&#8221; sticky_enabled=&#8221;0&#8243;][\/et_pb_text][\/et_pb_column][et_pb_column type=&#8221;1_4&#8243; _builder_version=&#8221;4.16&#8243; _module_preset=&#8221;default&#8221; global_colors_info=&#8221;{}&#8221; theme_builder_area=&#8221;post_content&#8221;][et_pb_text _builder_version=&#8221;4.20.2&#8243; _module_preset=&#8221;default&#8221; text_font_size=&#8221;12px&#8221; link_font=&#8221;||||on||||&#8221; link_text_color=&#8221;#FFFFFF&#8221; background_image=&#8221;https:\/\/focolarte.progettoenergia.ch\/wp-content\/uploads\/2023\/03\/focolarte_stufe_ibride_ticino_aduro.jpg&#8221; width=&#8221;250px&#8221; height=&#8221;166px&#8221; link_option_url=&#8221;https:\/\/www.aduro.fr\/poeles-aduro-hybride\/&#8221; link_option_url_new_window=&#8221;on&#8221; hover_enabled=&#8221;0&#8243; global_colors_info=&#8221;{}&#8221; content__hover_enabled=&#8221;on|hover&#8221; content__hover=&#8221;<\/p>\n<p style=%22text-align: center;%22>\n<p style=%22text-align: center;%22>\n<p style=%22text-align: center;%22>\n<p style=%22text-align: center;%22><img src=%22https:\/\/focolarte.progettoenergia.ch\/wp-content\/uploads\/2023\/03\/logo_aduro_64.png%22 alt=%22%22 class=%22wp-image-368464 alignnone size-full%22 width=%22173%22 height=%2249%22 \/><\/p>\n<p style=%22text-align: center;%22><a href=%22https:\/\/www.aduro.fr\/poeles-aduro-hybride\/%22 data-et-target-link=%22_blank%22 rel=%22noopener%22>https:\/\/www.aduro.fr\/poeles-aduro-hybride\/<\/a><\/p>\n<p>&#8221; background__hover_enabled=&#8221;on|hover&#8221; background_color_gradient_end__hover=&#8221;rgba(0,0,0,0.56)&#8221; use_background_color_gradient__hover=&#8221;on&#8221; background_color_gradient_start__hover=&#8221;rgba(0,0,0,0.56)&#8221; background_color_gradient_overlays_image__hover=&#8221;on&#8221; background_color_gradient_stops__hover=&#8221;rgba(0,0,0,0.56) 0%|rgba(0,0,0,0.56) 100%&#8221; theme_builder_area=&#8221;post_content&#8221; title_text=&#8221;focolarte_stufe_ibride_ticino_aduro&#8221; sticky_enabled=&#8221;0&#8243;][\/et_pb_text][\/et_pb_column][\/et_pb_row][et_pb_row column_structure=&#8221;1_4,1_4,1_4,1_4&#8243; use_custom_gutter=&#8221;on&#8221; gutter_width=&#8221;2&#8243; disabled_on=&#8221;on|on|on&#8221; _builder_version=&#8221;4.19.5&#8243; _module_preset=&#8221;default&#8221; width=&#8221;90%&#8221; module_alignment=&#8221;center&#8221; custom_padding=&#8221;||3px|||&#8221; disabled=&#8221;on&#8221; global_colors_info=&#8221;{}&#8221; theme_builder_area=&#8221;post_content&#8221;][et_pb_column type=&#8221;1_4&#8243; _builder_version=&#8221;4.16&#8243; _module_preset=&#8221;default&#8221; global_colors_info=&#8221;{}&#8221; theme_builder_area=&#8221;post_content&#8221;][\/et_pb_column][et_pb_column type=&#8221;1_4&#8243; _builder_version=&#8221;4.16&#8243; _module_preset=&#8221;default&#8221; global_colors_info=&#8221;{}&#8221; theme_builder_area=&#8221;post_content&#8221;][\/et_pb_column][et_pb_column type=&#8221;1_4&#8243; _builder_version=&#8221;4.16&#8243; _module_preset=&#8221;default&#8221; global_colors_info=&#8221;{}&#8221; theme_builder_area=&#8221;post_content&#8221;][\/et_pb_column][et_pb_column type=&#8221;1_4&#8243; _builder_version=&#8221;4.16&#8243; _module_preset=&#8221;default&#8221; global_colors_info=&#8221;{}&#8221; theme_builder_area=&#8221;post_content&#8221;][\/et_pb_column][\/et_pb_row][\/et_pb_section]<\/p>\n","protected":false},"excerpt":{"rendered":"<p>Stufe ibride legna e pelletUna stufa combinata (ibrida ) \u00e8 la scelta migliore se non vuoi vincolarti a un solo combustibile o rinunciare alle comodit\u00e0 di una specifica modalit\u00e0 di funzionamento. Le stufe Combinata possono essere usate a scelta con pellet o legna, con o senza elettricit\u00e0, manualmente o in modo completamente automatico. Un fuoco [&hellip;]<\/p>\n","protected":false},"author":2,"featured_media":0,"parent":0,"menu_order":0,"comment_status":"closed","ping_status":"closed","template":"","meta":{"_et_pb_use_builder":"on","_et_pb_old_content":"","_et_gb_content_width":"","footnotes":""},"class_list":["post-368455","page","type-page","status-publish","hentry"],"yoast_head":"<!-- This site is optimized with the Yoast SEO plugin v27.1.1 - https:\/\/yoast.com\/product\/yoast-seo-wordpress\/ -->\n<title>Stufe ibride - Focolarte | Camini e stufe tra tradizione e tecnologia | Grancia | Ticino<\/title>\n<meta name=\"robots\" content=\"index, follow, max-snippet:-1, max-image-preview:large, max-video-preview:-1\" \/>\n<link rel=\"canonical\" href=\"https:\/\/focolarte.progettoenergia.ch\/de\/kamine-und-hybride-holz-und-pelletoefen\/\" \/>\n<meta property=\"og:locale\" content=\"de_DE\" \/>\n<meta property=\"og:type\" content=\"article\" \/>\n<meta property=\"og:title\" content=\"Stufe ibride - Focolarte | Camini e stufe tra tradizione e tecnologia | Grancia | Ticino\" \/>\n<meta property=\"og:description\" content=\"Stufe ibride legna e pelletUna stufa combinata (ibrida ) \u00e8 la scelta migliore se non vuoi vincolarti a un solo combustibile o rinunciare alle comodit\u00e0 di una specifica modalit\u00e0 di funzionamento. Le stufe Combinata possono essere usate a scelta con pellet o legna, con o senza elettricit\u00e0, manualmente o in modo completamente automatico. Un fuoco [&hellip;]\" \/>\n<meta property=\"og:url\" content=\"https:\/\/focolarte.progettoenergia.ch\/de\/kamine-und-hybride-holz-und-pelletoefen\/\" \/>\n<meta property=\"og:site_name\" content=\"Focolarte | Camini e stufe tra tradizione e tecnologia | Grancia | Ticino\" \/>\n<meta property=\"article:modified_time\" content=\"2023-03-13T09:21:51+00:00\" \/>\n<meta name=\"twitter:card\" content=\"summary_large_image\" \/>\n<script type=\"application\/ld+json\" class=\"yoast-schema-graph\">{\"@context\":\"https:\/\/schema.org\",\"@graph\":[{\"@type\":\"WebPage\",\"@id\":\"https:\/\/focolarte.progettoenergia.ch\/stufe-ibride\/\",\"url\":\"https:\/\/focolarte.progettoenergia.ch\/stufe-ibride\/\",\"name\":\"Stufe ibride - Focolarte | Camini e stufe tra tradizione e tecnologia | Grancia | Ticino\",\"isPartOf\":{\"@id\":\"https:\/\/focolarte.progettoenergia.ch\/#website\"},\"datePublished\":\"2023-03-13T09:10:19+00:00\",\"dateModified\":\"2023-03-13T09:21:51+00:00\",\"breadcrumb\":{\"@id\":\"https:\/\/focolarte.progettoenergia.ch\/stufe-ibride\/#breadcrumb\"},\"inLanguage\":\"de\",\"potentialAction\":[{\"@type\":\"ReadAction\",\"target\":[\"https:\/\/focolarte.progettoenergia.ch\/stufe-ibride\/\"]}]},{\"@type\":\"BreadcrumbList\",\"@id\":\"https:\/\/focolarte.progettoenergia.ch\/stufe-ibride\/#breadcrumb\",\"itemListElement\":[{\"@type\":\"ListItem\",\"position\":1,\"name\":\"Home\",\"item\":\"https:\/\/focolarte.progettoenergia.ch\/\"},{\"@type\":\"ListItem\",\"position\":2,\"name\":\"Stufe ibride\"}]},{\"@type\":\"WebSite\",\"@id\":\"https:\/\/focolarte.progettoenergia.ch\/#website\",\"url\":\"https:\/\/focolarte.progettoenergia.ch\/\",\"name\":\"Focolarte | Camini e stufe tra tradizione e tecnologia | Grancia | Ticino\",\"description\":\"\",\"potentialAction\":[{\"@type\":\"SearchAction\",\"target\":{\"@type\":\"EntryPoint\",\"urlTemplate\":\"https:\/\/focolarte.progettoenergia.ch\/?s={search_term_string}\"},\"query-input\":{\"@type\":\"PropertyValueSpecification\",\"valueRequired\":true,\"valueName\":\"search_term_string\"}}],\"inLanguage\":\"de\"}]}<\/script>\n<!-- \/ Yoast SEO plugin. -->","yoast_head_json":{"title":"Kamine und hybride Holz- und Pellet\u00f6fen - Focolarte | Kamine und \u00d6fen zwischen Tradition und Technik | Grancia | Tessin","robots":{"index":"index","follow":"follow","max-snippet":"max-snippet:-1","max-image-preview":"max-image-preview:large","max-video-preview":"max-video-preview:-1"},"canonical":"https:\/\/focolarte.progettoenergia.ch\/de\/kamine-und-hybride-holz-und-pelletoefen\/","og_locale":"de_DE","og_type":"article","og_title":"Stufe ibride - Focolarte | Camini e stufe tra tradizione e tecnologia | Grancia | Ticino","og_description":"Stufe ibride legna e pelletUna stufa combinata (ibrida ) \u00e8 la scelta migliore se non vuoi vincolarti a un solo combustibile o rinunciare alle comodit\u00e0 di una specifica modalit\u00e0 di funzionamento. Le stufe Combinata possono essere usate a scelta con pellet o legna, con o senza elettricit\u00e0, manualmente o in modo completamente automatico. Un fuoco [&hellip;]","og_url":"https:\/\/focolarte.progettoenergia.ch\/de\/kamine-und-hybride-holz-und-pelletoefen\/","og_site_name":"Focolarte | Camini e stufe tra tradizione e tecnologia | Grancia | Ticino","article_modified_time":"2023-03-13T09:21:51+00:00","twitter_card":"summary_large_image","schema":{"@context":"https:\/\/schema.org","@graph":[{"@type":"WebPage","@id":"https:\/\/focolarte.progettoenergia.ch\/stufe-ibride\/","url":"https:\/\/focolarte.progettoenergia.ch\/stufe-ibride\/","name":"Kamine und hybride Holz- und Pellet\u00f6fen - Focolarte | Kamine und \u00d6fen zwischen Tradition und Technik | Grancia | Tessin","isPartOf":{"@id":"https:\/\/focolarte.progettoenergia.ch\/#website"},"datePublished":"2023-03-13T09:10:19+00:00","dateModified":"2023-03-13T09:21:51+00:00","breadcrumb":{"@id":"https:\/\/focolarte.progettoenergia.ch\/stufe-ibride\/#breadcrumb"},"inLanguage":"de","potentialAction":[{"@type":"ReadAction","target":["https:\/\/focolarte.progettoenergia.ch\/stufe-ibride\/"]}]},{"@type":"BreadcrumbList","@id":"https:\/\/focolarte.progettoenergia.ch\/stufe-ibride\/#breadcrumb","itemListElement":[{"@type":"ListItem","position":1,"name":"Home","item":"https:\/\/focolarte.progettoenergia.ch\/"},{"@type":"ListItem","position":2,"name":"Stufe ibride"}]},{"@type":"WebSite","@id":"https:\/\/focolarte.progettoenergia.ch\/#website","url":"https:\/\/focolarte.progettoenergia.ch\/","name":"Focolarte | Kamine und \u00d6fen zwischen Tradition und Technik | Grancia | Tessin","description":"","potentialAction":[{"@type":"SearchAction","target":{"@type":"EntryPoint","urlTemplate":"https:\/\/focolarte.progettoenergia.ch\/?s={search_term_string}"},"query-input":{"@type":"PropertyValueSpecification","valueRequired":true,"valueName":"search_term_string"}}],"inLanguage":"de"}]}},"_links":{"self":[{"href":"https:\/\/focolarte.progettoenergia.ch\/de\/wp-json\/wp\/v2\/pages\/368455","targetHints":{"allow":["GET"]}}],"collection":[{"href":"https:\/\/focolarte.progettoenergia.ch\/de\/wp-json\/wp\/v2\/pages"}],"about":[{"href":"https:\/\/focolarte.progettoenergia.ch\/de\/wp-json\/wp\/v2\/types\/page"}],"author":[{"embeddable":true,"href":"https:\/\/focolarte.progettoenergia.ch\/de\/wp-json\/wp\/v2\/users\/2"}],"replies":[{"embeddable":true,"href":"https:\/\/focolarte.progettoenergia.ch\/de\/wp-json\/wp\/v2\/comments?post=368455"}],"version-history":[{"count":2,"href":"https:\/\/focolarte.progettoenergia.ch\/de\/wp-json\/wp\/v2\/pages\/368455\/revisions"}],"predecessor-version":[{"id":368470,"href":"https:\/\/focolarte.progettoenergia.ch\/de\/wp-json\/wp\/v2\/pages\/368455\/revisions\/368470"}],"wp:attachment":[{"href":"https:\/\/focolarte.progettoenergia.ch\/de\/wp-json\/wp\/v2\/media?parent=368455"}],"curies":[{"name":"wp","href":"https:\/\/api.w.org\/{rel}","templated":true}]}}